{"id":161,"date":"2020-02-26T09:07:17","date_gmt":"2020-02-26T09:07:17","guid":{"rendered":"https:\/\/demosites.io\/lawyers-gb\/?page_id=161"},"modified":"2025-03-20T16:19:59","modified_gmt":"2025-03-20T15:19:59","slug":"a02e5-the-law-firm","status":"publish","type":"page","link":"https:\/\/lemeuravocat.fr\/","title":{"rendered":"Le Cabinet"},"content":{"rendered":"\n<div id=\"wp-block-themeisle-blocks-advanced-columns-1d44478c\" class=\"wp-block-themeisle-blocks-advanced-columns alignfull has-1-columns has-desktop-equal-layout has-tablet-equal-layout has-mobile-equal-layout has-vertical-unset\"><div class=\"wp-block-themeisle-blocks-advanced-columns-overlay\"><\/div><div class=\"innerblocks-wrap\">\n<div id=\"wp-block-themeisle-blocks-advanced-column-202c7270\" class=\"wp-block-themeisle-blocks-advanced-column\">\n<h1 class=\"wp-block-heading has-text-align-center ticss-13419626 has-nv-text-dark-bg-color has-text-color wp-container-content-69bc4bdf\">Ma\u00eetre Brett Le Meur<\/h1>\n\n\n\n<p class=\"has-text-align-center wp-container-content-69bc4bdf\"><mark style=\"background-color:rgba(0, 0, 0, 0)\" class=\"has-inline-color has-nv-site-bg-color\">Avocat en Droit de la famille et du patrimoine, Droit des victimes et Droit p\u00e9nal<\/mark><\/p>\n<\/div>\n<\/div><\/div>\n\n\n\n<div id=\"wp-block-themeisle-blocks-advanced-columns-4799159d\" class=\"wp-block-themeisle-blocks-advanced-columns alignfull has-2-columns has-desktop-equal-layout has-tablet-equal-layout has-mobile-collapsedRows-layout has-vertical-center\"><div class=\"wp-block-themeisle-blocks-advanced-columns-overlay\"><\/div><div class=\"innerblocks-wrap\">\n<div id=\"wp-block-themeisle-blocks-advanced-column-d281c4c3\" class=\"wp-block-themeisle-blocks-advanced-column\"><div class=\"wp-block-image\">\n<figure class=\"alignright size-large is-resized\"><img loading=\"lazy\" decoding=\"async\" width=\"1535\" height=\"2045\" src=\"https:\/\/lemeuravocat.fr\/wp-content\/uploads\/2024\/11\/Photo-edited.jpg\" alt=\"\" class=\"wp-image-259\" style=\"width:339px;height:auto\" srcset=\"https:\/\/lemeuravocat.fr\/wp-content\/uploads\/2024\/11\/Photo-edited.jpg 1535w, https:\/\/lemeuravocat.fr\/wp-content\/uploads\/2024\/11\/Photo-edited-225x300.jpg 225w, https:\/\/lemeuravocat.fr\/wp-content\/uploads\/2024\/11\/Photo-edited-769x1024.jpg 769w, https:\/\/lemeuravocat.fr\/wp-content\/uploads\/2024\/11\/Photo-edited-768x1023.jpg 768w, https:\/\/lemeuravocat.fr\/wp-content\/uploads\/2024\/11\/Photo-edited-1153x1536.jpg 1153w\" sizes=\"auto, (max-width: 1535px) 100vw, 1535px\" \/><\/figure>\n<\/div><\/div>\n\n\n\n<div id=\"wp-block-themeisle-blocks-advanced-column-bb3c1936\" class=\"wp-block-themeisle-blocks-advanced-column\">\n<p>Ma\u00eetre Brett LE MEUR est avocat au Barreau de NANTES et membre du conseil de l&rsquo;ordre. <\/p>\n\n\n\n<p>Il accompagne ses clients en droit de la famille, droit des victimes et droit p\u00e9nal.<\/p>\n\n\n\n<p>Il intervient dans les s\u00e9parations et divorces, incluant aussi bien la gestion de l\u2019autorit\u00e9 parentale que des aspects patrimoniaux.<\/p>\n\n\n\n<p>Il soutient les victimes d\u2019infractions, en les conseillant d\u00e8s le d\u00e9p\u00f4t de plainte jusqu\u2019au jugement. <\/p>\n\n\n\n<p>En droit p\u00e9nal, il repr\u00e9sente les personnes poursuivies en justice et les assiste durant les enqu\u00eates et les audiences. <\/p>\n\n\n\n<div id=\"wp-block-themeisle-blocks-button-group-8fd43d2a\" class=\"wp-block-themeisle-blocks-button-group wp-block-buttons\">\n<div id=\"wp-block-themeisle-blocks-button-dbb09ed6\" class=\"wp-block-themeisle-blocks-button wp-block-button\"><a href=\"https:\/\/lemeuravocat.fr\/contact-us\/\" target=\"_self\" rel=\"noopener noreferrer\" class=\"wp-block-button__link\"><span>Contactez nous<\/span><\/a><\/div>\n<\/div>\n<\/div>\n<\/div><\/div>\n\n\n\n<div id=\"wp-block-themeisle-blocks-advanced-columns-f3755e13\" class=\"wp-block-themeisle-blocks-advanced-columns alignfull has-1-columns has-desktop-equal-layout has-tablet-equal-layout has-mobile-equal-layout has-vertical-unset has-light-bg\"><div class=\"wp-block-themeisle-blocks-advanced-columns-overlay\"><\/div><div class=\"innerblocks-wrap\">\n<div id=\"wp-block-themeisle-blocks-advanced-column-7fd45669\" class=\"wp-block-themeisle-blocks-advanced-column\">\n<h2 class=\"wp-block-heading has-text-align-center\">Domaines d&rsquo;intervention<\/h2>\n<\/div>\n<\/div><\/div>\n\n\n\n<div id=\"wp-block-themeisle-blocks-advanced-columns-fceb3949\" class=\"wp-block-themeisle-blocks-advanced-columns alignfull has-4-columns has-desktop-equal-layout has-tablet-equal-layout has-mobile-collapsedRows-layout has-vertical-unset has-light-bg\"><div class=\"wp-block-themeisle-blocks-advanced-columns-overlay\"><\/div><div class=\"innerblocks-wrap\">\n<div id=\"wp-block-themeisle-blocks-advanced-column-8e16a918\" class=\"wp-block-themeisle-blocks-advanced-column has-light-bg\">\n<div class=\"wp-block-themeisle-blocks-service\">\n<div id=\"wp-block-themeisle-blocks-font-awesome-icons-319efbcd\" class=\"wp-block-themeisle-blocks-font-awesome-icons\"><span class=\"wp-block-themeisle-blocks-font-awesome-icons-container\"><a href=\"#droit-famille\" target=\"_self\" rel=\"noopener noreferrer\"><i class=\"fas fa-home\"><\/i><\/a><\/span><\/div>\n\n\n\n<h3 id=\"wp-block-themeisle-blocks-advanced-heading-ce597b76\" class=\"wp-block-themeisle-blocks-advanced-heading wp-block-themeisle-blocks-advanced-heading-ce597b76\"><a href=\"#droit-famille\" data-type=\"internal\" data-id=\"#droit-famille\">Droit de la famille et du patrimoine<\/a><\/h3>\n\n\n\n<p id=\"wp-block-themeisle-blocks-advanced-heading-033756e7\" class=\"wp-block-themeisle-blocks-advanced-heading wp-block-themeisle-blocks-advanced-heading-033756e7\"><\/p>\n<\/div>\n<\/div>\n\n\n\n<div id=\"wp-block-themeisle-blocks-advanced-column-277dec7b\" class=\"wp-block-themeisle-blocks-advanced-column has-light-bg\">\n<div class=\"wp-block-themeisle-blocks-service\">\n<div id=\"wp-block-themeisle-blocks-font-awesome-icons-a5318e7d\" class=\"wp-block-themeisle-blocks-font-awesome-icons\"><span class=\"wp-block-themeisle-blocks-font-awesome-icons-container\"><a href=\"#droit-victimes\" target=\"_self\" rel=\"noopener noreferrer\"><i class=\"fas fa-user-shield\"><\/i><\/a><\/span><\/div>\n\n\n\n<h3 id=\"wp-block-themeisle-blocks-advanced-heading-921812a3\" class=\"wp-block-themeisle-blocks-advanced-heading wp-block-themeisle-blocks-advanced-heading-921812a3\"><a href=\"#droit-victimes\" data-type=\"internal\" data-id=\"#droit-victimes\">Droits des victimes et du pr\u00e9judice corporel<\/a><\/h3>\n\n\n\n<p id=\"wp-block-themeisle-blocks-advanced-heading-9e3602b0\" class=\"wp-block-themeisle-blocks-advanced-heading wp-block-themeisle-blocks-advanced-heading-9e3602b0\"><\/p>\n<\/div>\n<\/div>\n\n\n\n<div id=\"wp-block-themeisle-blocks-advanced-column-44cce08d\" class=\"wp-block-themeisle-blocks-advanced-column has-light-bg\">\n<div class=\"wp-block-themeisle-blocks-service\">\n<div id=\"wp-block-themeisle-blocks-font-awesome-icons-0bec0189\" class=\"wp-block-themeisle-blocks-font-awesome-icons\"><span class=\"wp-block-themeisle-blocks-font-awesome-icons-container\"><a href=\"#droit-penal\" target=\"_self\" rel=\"noopener noreferrer\"><i class=\"fas fa-gavel\"><\/i><\/a><\/span><\/div>\n\n\n\n<h3 id=\"wp-block-themeisle-blocks-advanced-heading-d853a05e\" class=\"wp-block-themeisle-blocks-advanced-heading wp-block-themeisle-blocks-advanced-heading-d853a05e\"><a href=\"#droit-penal\" data-type=\"internal\" data-id=\"#droit-penal\">Droit p\u00e9nal<\/a><\/h3>\n\n\n\n<p id=\"wp-block-themeisle-blocks-advanced-heading-b8d56d2b\" class=\"wp-block-themeisle-blocks-advanced-heading wp-block-themeisle-blocks-advanced-heading-b8d56d2b\"><\/p>\n<\/div>\n<\/div>\n\n\n\n<div id=\"wp-block-themeisle-blocks-advanced-column-d16c5a4c\" class=\"wp-block-themeisle-blocks-advanced-column has-light-bg\">\n<div class=\"wp-block-themeisle-blocks-service\">\n<div id=\"wp-block-themeisle-blocks-font-awesome-icons-8aec550b\" class=\"wp-block-themeisle-blocks-font-awesome-icons\"><span class=\"wp-block-themeisle-blocks-font-awesome-icons-container\"><a href=\"#baux-habitations\" target=\"_self\" rel=\"noopener noreferrer\"><i class=\"far fa-building\"><\/i><\/a><\/span><\/div>\n\n\n\n<h3 id=\"wp-block-themeisle-blocks-advanced-heading-75acc787\" class=\"wp-block-themeisle-blocks-advanced-heading wp-block-themeisle-blocks-advanced-heading-75acc787\"><a href=\"#droit-civil\">Droit Civil<\/a><\/h3>\n\n\n\n<p id=\"wp-block-themeisle-blocks-advanced-heading-c98bc396\" class=\"wp-block-themeisle-blocks-advanced-heading wp-block-themeisle-blocks-advanced-heading-c98bc396\"><\/p>\n<\/div>\n<\/div>\n<\/div><\/div>\n\n\n\n<div id=\"wp-block-themeisle-blocks-advanced-columns-17e24102\" class=\"wp-block-themeisle-blocks-advanced-columns alignfull has-1-columns has-desktop-equal-layout has-tablet-equal-layout has-mobile-equal-layout has-vertical-unset\"><div class=\"wp-block-themeisle-blocks-advanced-columns-overlay\"><\/div><div class=\"innerblocks-wrap\">\n<div id=\"wp-block-themeisle-blocks-advanced-column-1b172aef\" class=\"wp-block-themeisle-blocks-advanced-column\">\n<h2 class=\"wp-block-heading\" id=\"droit-famille\">Droit de la famille et du patrimoine<\/h2>\n\n\n\n<div class=\"wp-block-columns is-layout-flex wp-container-core-columns-is-layout-9d6595d7 wp-block-columns-is-layout-flex\">\n<div class=\"wp-block-column is-layout-flow wp-block-column-is-layout-flow\" style=\"flex-basis:33.33%\">\n<figure class=\"wp-block-gallery has-nested-images columns-default is-cropped wp-block-gallery-1 is-layout-flex wp-block-gallery-is-layout-flex\">\n<figure class=\"wp-block-image size-full is-style-default\"><img loading=\"lazy\" decoding=\"async\" width=\"240\" height=\"320\" data-id=\"41\" src=\"https:\/\/lemeuravocat.fr\/wp-content\/uploads\/2024\/03\/alex-vasey-tDuQe2ShHpk-unsplash-Small.jpeg\" alt=\"\" class=\"wp-image-41\" srcset=\"https:\/\/lemeuravocat.fr\/wp-content\/uploads\/2024\/03\/alex-vasey-tDuQe2ShHpk-unsplash-Small.jpeg 240w, https:\/\/lemeuravocat.fr\/wp-content\/uploads\/2024\/03\/alex-vasey-tDuQe2ShHpk-unsplash-Small-225x300.jpeg 225w\" sizes=\"auto, (max-width: 240px) 100vw, 240px\" \/><\/figure>\n<\/figure>\n<\/div>\n\n\n\n<div class=\"wp-block-column is-layout-flow wp-block-column-is-layout-flow\" style=\"flex-basis:66.66%\">\n<p>En cas de s\u00e9paration, que vous soyez mari\u00e9 ou non, le cabinet peut vous assister dans toutes vos d\u00e9marches juridiques.<\/p>\n\n\n\n<p>En cas de divorce, la proc\u00e9dure peut se d\u00e9rouler hors juge par la r\u00e9daction d\u2019une convention de divorce par consentement mutuel (\u00ab\u00a0divorce \u00e0 l&rsquo;amiable\u00a0\u00bb). Ce type de divorce n\u00e9cessite un accord entre les \u00e9poux sur toutes les cons\u00e9quences juridiques.&nbsp;<\/p>\n\n\n\n<p>En cas de d\u00e9saccord, la proc\u00e9dure de divorce sera judiciaire devant le Juge aux Affaires Familiales.&nbsp;<\/p>\n\n\n\n<p>En cas de s\u00e9paration hors mariage, il est possible de r\u00e9diger une convention parentale en cas d\u2019accord ou de saisir le Juge aux Affaires Familiales afin de voir fixer les modalit\u00e9s d\u2019exercice de l\u2019autorit\u00e9 parentale.<\/p>\n<\/div>\n<\/div>\n\n\n\n<p>Le cabinet vous accompagnera pour vous aider dans les probl\u00e9matiques li\u00e9es aux modalit\u00e9s d\u2019exercice de l\u2019autorit\u00e9 parentale (fixation de la r\u00e9sidence des enfants, des droits de visite et d\u2019h\u00e9bergement, de la pension alimentaire) ainsi que dans les aspects patrimoniaux de votre s\u00e9paration (fixation d\u2019une prestation compensatoire, liquidation de votre r\u00e9gime matrimonial ou de votre indivision).&nbsp;<\/p>\n\n\n\n<p>Le cabinet pourra \u00e9galement vous aider dans le cadre de la liquidation d\u2019une succession dans laquelle vous \u00eates h\u00e9ritier. Le cabinet vous assistera et vous conseillera dans le cadre des phases amiables et judiciaires.<\/p>\n\n\n\n<p><strong>Domaines d\u2019intervention&nbsp;:&nbsp;<\/strong><\/p>\n\n\n\n<p>&#8211; Divorce par consentement mutuel&nbsp;;<br>&#8211; Divorce judiciaire&nbsp;;<br>&#8211; Exercice de l\u2019autorit\u00e9 parentale (r\u00e9sidence des enfants, droit de visite, pension alimentaire)&nbsp;;&nbsp;<br>&#8211; Liquidation des r\u00e9gimes matrimoniaux&nbsp;;<br>&#8211; Liquidation d\u2019indivision&nbsp;;<br>&#8211; Adoption&nbsp;;<br>&#8211; Droit des grands-parents&nbsp;;&nbsp;<br>&#8211; Ordonnance de protection&nbsp;;<br>&#8211; Liquidation de succession&nbsp;;<\/p>\n<\/div>\n<\/div><\/div>\n\n\n\n<div id=\"wp-block-themeisle-blocks-advanced-columns-1618f908\" class=\"wp-block-themeisle-blocks-advanced-columns alignfull has-1-columns has-desktop-equal-layout has-tablet-equal-layout has-mobile-equal-layout has-vertical-unset\"><div class=\"wp-block-themeisle-blocks-advanced-columns-overlay\"><\/div><div class=\"innerblocks-wrap\">\n<div id=\"wp-block-themeisle-blocks-advanced-column-5442ba36\" class=\"wp-block-themeisle-blocks-advanced-column\">\n<h2 class=\"wp-block-heading\" id=\"droit-victimes\">Droits des victimes et du pr\u00e9judice corporel<\/h2>\n\n\n\n<div class=\"wp-block-columns is-layout-flex wp-container-core-columns-is-layout-9d6595d7 wp-block-columns-is-layout-flex\">\n<div class=\"wp-block-column is-layout-flow wp-block-column-is-layout-flow\" style=\"flex-basis:33.33%\">\n<figure class=\"wp-block-gallery alignright has-nested-images columns-default is-cropped wp-block-gallery-2 is-layout-flex wp-block-gallery-is-layout-flex\">\n<figure class=\"wp-block-image size-full\"><img loading=\"lazy\" decoding=\"async\" width=\"2560\" height=\"1707\" data-id=\"363\" src=\"https:\/\/lemeuravocat.fr\/wp-content\/uploads\/2025\/03\/AdobeStock_66484895-scaled.jpg\" alt=\"\" class=\"wp-image-363\" srcset=\"https:\/\/lemeuravocat.fr\/wp-content\/uploads\/2025\/03\/AdobeStock_66484895-scaled.jpg 2560w, https:\/\/lemeuravocat.fr\/wp-content\/uploads\/2025\/03\/AdobeStock_66484895-300x200.jpg 300w, https:\/\/lemeuravocat.fr\/wp-content\/uploads\/2025\/03\/AdobeStock_66484895-1024x683.jpg 1024w, https:\/\/lemeuravocat.fr\/wp-content\/uploads\/2025\/03\/AdobeStock_66484895-768x512.jpg 768w, https:\/\/lemeuravocat.fr\/wp-content\/uploads\/2025\/03\/AdobeStock_66484895-1536x1024.jpg 1536w, https:\/\/lemeuravocat.fr\/wp-content\/uploads\/2025\/03\/AdobeStock_66484895-2048x1365.jpg 2048w, https:\/\/lemeuravocat.fr\/wp-content\/uploads\/2025\/03\/AdobeStock_66484895-930x620.jpg 930w\" sizes=\"auto, (max-width: 2560px) 100vw, 2560px\" \/><\/figure>\n<\/figure>\n<\/div>\n\n\n\n<div class=\"wp-block-column is-layout-flow wp-block-column-is-layout-flow\" style=\"flex-basis:66.66%\">\n<p>Que vous soyez victime d\u2019une infraction ou d\u2019un dommage, le cabinet sera \u00e0 votre \u00e9coute pour r\u00e9pondre \u00e0 vos questions et vous accompagner dans toutes les \u00e9tapes de la proc\u00e9dure.&nbsp;<\/p>\n\n\n\n<p>L\u2019assistance d\u2019un avocat est conseill\u00e9e d\u00e8s le stade du d\u00e9p\u00f4t de plainte. Le cabinet vous fera part de tous ses conseils pour vous aider dans cette \u00e9tape importante de la proc\u00e9dure.<\/p>\n\n\n\n<p>Le cabinet a \u00e0 c\u0153ur d\u2019apporter tout son soutien et ses comp\u00e9tences \u00e0 ses clients afin de les accompagner dans leur processus de reconstruction.<\/p>\n<\/div>\n<\/div>\n\n\n\n<p>Le cabinet intervient pour tout type d\u2019infraction p\u00e9nale (vol, abus de confiance, escroquerie, harc\u00e8lement, violence, viol, agression sexuelle, meurtre, attentat) ainsi que pour tout type de responsabilit\u00e9 civile causant un dommage (accident de la route, responsabilit\u00e9 d\u00e9lictuelle, responsabilit\u00e9 contractuelle).&nbsp;<\/p>\n\n\n\n<p>Dans le cadre de violence au sein du couple, le cabinet pourra vous aider afin de mettre fin \u00e0 la situation d\u2019emprise notamment en sollicitant une ordonnance de protection aupr\u00e8s du Juge aux Affaires Familiales.&nbsp;<\/p>\n\n\n\n<p>Le cabinet pourra \u00e9galement vous mettre en lien avec des associations qui vous aiderons dans votre reconstruction (Citad\u2019elles, Solidarit\u00e9 Femmes, France Victime, etc.).&nbsp;<\/p>\n\n\n\n<p>Enfin, le cabinet vous aidera dans l\u2019application des d\u00e9cisions obtenues en sollicitant le fonds de garantie des victimes d\u2019infraction (proc\u00e9dure C.I.V.I ou saisine du SARVI) ou en mandatant un huissier de justice.&nbsp;<\/p>\n\n\n\n<p><strong>Domaines d\u2019intervention&nbsp;:<\/strong><\/p>\n\n\n\n<p>&#8211; Ordonnance de protection&nbsp;;<br>&#8211; D\u00e9p\u00f4t de plainte&nbsp;;<br>&#8211; Assistance dans le cadre de l\u2019enqu\u00eate&nbsp;;&nbsp;<br>&#8211; Assistance devant le Juge d\u2019instruction&nbsp;;<br>&#8211; Assistance lors des audiences p\u00e9nales (police, correctionnel et criminelle)&nbsp;;<br>&#8211; Assistance pour le recouvrement des dommages et int\u00e9r\u00eats&nbsp;(SARVI, C.I.V.I.) ;&nbsp;<br>&#8211; Assistance lors des expertises&nbsp;;<br>&#8211; Proc\u00e9dure devant les juridictions civiles&nbsp;;<\/p>\n<\/div>\n<\/div><\/div>\n\n\n\n<div id=\"wp-block-themeisle-blocks-advanced-columns-e7963239\" class=\"wp-block-themeisle-blocks-advanced-columns alignfull has-1-columns has-desktop-equal-layout has-tablet-equal-layout has-mobile-equal-layout has-vertical-unset\"><div class=\"wp-block-themeisle-blocks-advanced-columns-overlay\"><\/div><div class=\"innerblocks-wrap\">\n<div id=\"wp-block-themeisle-blocks-advanced-column-81525515\" class=\"wp-block-themeisle-blocks-advanced-column\">\n<h2 class=\"wp-block-heading\" id=\"droit-penal\">Droit p\u00e9nal<\/h2>\n\n\n\n<div class=\"wp-block-columns is-layout-flex wp-container-core-columns-is-layout-9d6595d7 wp-block-columns-is-layout-flex\">\n<div class=\"wp-block-column is-layout-flow wp-block-column-is-layout-flow\" style=\"flex-basis:33.33%\"><figure class=\"wp-block-post-featured-image\"><img loading=\"lazy\" decoding=\"async\" width=\"1260\" height=\"708\" src=\"https:\/\/lemeuravocat.fr\/wp-content\/uploads\/2025\/03\/MjAyMjA2M2Q5MmUwMjEzMzNhM2JkMDg1MGZkNjZhZmJmOTNmZGU.jpg\" class=\"attachment-post-thumbnail size-post-thumbnail wp-post-image\" alt=\"\" style=\"object-fit:cover;\" srcset=\"https:\/\/lemeuravocat.fr\/wp-content\/uploads\/2025\/03\/MjAyMjA2M2Q5MmUwMjEzMzNhM2JkMDg1MGZkNjZhZmJmOTNmZGU.jpg 1260w, https:\/\/lemeuravocat.fr\/wp-content\/uploads\/2025\/03\/MjAyMjA2M2Q5MmUwMjEzMzNhM2JkMDg1MGZkNjZhZmJmOTNmZGU-300x169.jpg 300w, https:\/\/lemeuravocat.fr\/wp-content\/uploads\/2025\/03\/MjAyMjA2M2Q5MmUwMjEzMzNhM2JkMDg1MGZkNjZhZmJmOTNmZGU-1024x575.jpg 1024w, https:\/\/lemeuravocat.fr\/wp-content\/uploads\/2025\/03\/MjAyMjA2M2Q5MmUwMjEzMzNhM2JkMDg1MGZkNjZhZmJmOTNmZGU-768x432.jpg 768w\" sizes=\"auto, (max-width: 1260px) 100vw, 1260px\" \/><\/figure><\/div>\n\n\n\n<div class=\"wp-block-column is-layout-flow wp-block-column-is-layout-flow\" style=\"flex-basis:66.66%\">\n<p>Vous \u00eates poursuivi devant une juridiction p\u00e9nale ? Le cabinet analysera le dossier p\u00e9nal, vous proposera une strat\u00e9gie adapt\u00e9e et vous repr\u00e9sentera devant les juridictions.<\/p>\n\n\n\n<p>Le cabinet pourra vous assister d\u00e8s le stade de l\u2019enqu\u00eate dans le cadre de votre audition libre ou de votre garde-\u00e0-vue.<\/p>\n\n\n\n<p>Le cabinet mettre son exp\u00e9rience \u00e0 votre service afin d\u2019analyser le dossier p\u00e9nal et recherchera les \u00e9ventuelles nullit\u00e9s.&nbsp;<\/p>\n<\/div>\n<\/div>\n\n\n\n<p>Vous serez assist\u00e9 et repr\u00e9sent\u00e9 tout au long de la proc\u00e9dure afin que vos droits soient d\u00e9fendus.&nbsp;<\/p>\n\n\n\n<p>L\u2019audience vous sera expliqu\u00e9e et sera pr\u00e9par\u00e9e en amont lors de rendez-vous. Lors de l\u2019audience, vous serez d\u00e9fendu afin d\u2019obtenir une d\u00e9cision juste.<\/p>\n\n\n\n<p><strong>Domaines d\u2019intervention&nbsp;:&nbsp;<\/strong><\/p>\n\n\n\n<p>&#8211; Audition libre&nbsp;;&nbsp;<br>&#8211; Garde-\u00e0-vue&nbsp;;&nbsp;<br>&#8211; Composition p\u00e9nale&nbsp;;<br>&#8211; Ordonnance p\u00e9nale&nbsp;:<br>&#8211; Comparution sur reconnaissance pr\u00e9alable de culpabilit\u00e9&nbsp;;<br>&#8211; Jude d\u2019instruction&nbsp;;&nbsp;<br>&#8211; Juge des libert\u00e9s et de la d\u00e9tention&nbsp;;<br>&#8211; Tribunal de Police&nbsp;;<br>&#8211; Tribunal Correctionnel&nbsp;;<br>&#8211; Cour d\u2019assises et Cour Criminelle&nbsp;;&nbsp;<br>&#8211; Juge d\u2019application des peines&nbsp;;<br>&#8211; Juge des Enfants&nbsp;;<br>&#8211; Tribunal pour Enfants&nbsp;;<\/p>\n<\/div>\n<\/div><\/div>\n\n\n\n<div id=\"wp-block-themeisle-blocks-advanced-columns-161d853b\" class=\"wp-block-themeisle-blocks-advanced-columns alignfull has-1-columns has-desktop-equal-layout has-tablet-equal-layout has-mobile-equal-layout has-vertical-unset\"><div class=\"wp-block-themeisle-blocks-advanced-columns-overlay\"><\/div><div class=\"innerblocks-wrap\">\n<div id=\"wp-block-themeisle-blocks-advanced-column-62f37c97\" class=\"wp-block-themeisle-blocks-advanced-column\">\n<h2 class=\"wp-block-heading\" id=\"baux-habitations\">Droit Civil<\/h2>\n\n\n\n<div class=\"wp-block-columns is-layout-flex wp-container-core-columns-is-layout-9d6595d7 wp-block-columns-is-layout-flex\">\n<div class=\"wp-block-column is-layout-flow wp-block-column-is-layout-flow\" style=\"flex-basis:33.33%\">\n<figure class=\"wp-block-image size-full is-resized\"><img loading=\"lazy\" decoding=\"async\" width=\"1444\" height=\"920\" src=\"https:\/\/lemeuravocat.fr\/wp-content\/uploads\/2025\/03\/1444x920_des-promeneurs-sur-le-quai-des-antilles-sur-l-ile-de-nantes-a-nantes.jpg\" alt=\"\" class=\"wp-image-367\" style=\"width:341px;height:auto\" srcset=\"https:\/\/lemeuravocat.fr\/wp-content\/uploads\/2025\/03\/1444x920_des-promeneurs-sur-le-quai-des-antilles-sur-l-ile-de-nantes-a-nantes.jpg 1444w, https:\/\/lemeuravocat.fr\/wp-content\/uploads\/2025\/03\/1444x920_des-promeneurs-sur-le-quai-des-antilles-sur-l-ile-de-nantes-a-nantes-300x191.jpg 300w, https:\/\/lemeuravocat.fr\/wp-content\/uploads\/2025\/03\/1444x920_des-promeneurs-sur-le-quai-des-antilles-sur-l-ile-de-nantes-a-nantes-1024x652.jpg 1024w, https:\/\/lemeuravocat.fr\/wp-content\/uploads\/2025\/03\/1444x920_des-promeneurs-sur-le-quai-des-antilles-sur-l-ile-de-nantes-a-nantes-768x489.jpg 768w\" sizes=\"auto, (max-width: 1444px) 100vw, 1444px\" \/><\/figure>\n<\/div>\n\n\n\n<div class=\"wp-block-column is-layout-flow wp-block-column-is-layout-flow\" style=\"flex-basis:66.66%\">\n<p>Que vous soyez bailleurs ou locataires, le cabinet vous assistera dans le cadre de votre d\u00e9marches juridiques concernant votre bail d\u2019habitation.&nbsp;<\/p>\n\n\n\n<p>Probl\u00e8me avec votre v\u00e9hicule suite \u00e0 un achat ? Le cabinet pourra vous assister dans le cadre de la mise en \u0153uvre de la garantie des vices cach\u00e9s&nbsp;<\/p>\n\n\n\n<p>Le cabinet vous assistera et vous repr\u00e9sentera dans le cadre des proc\u00e9dures judiciaires devant le Juge civil. <\/p>\n<\/div>\n<\/div>\n\n\n\n<p><strong>Domaines d\u2019intervention&nbsp;:<\/strong><br>&#8211; Proc\u00e9dure d\u2019expulsion ou de recouvrement de loyer&nbsp;;<br>&#8211; Restitution du d\u00e9p\u00f4t de garantie&nbsp;;<br>&#8211; Expulsion de squatteurs&nbsp;;&nbsp;<br>&#8211; Garantie des vices cach\u00e9s ; <\/p>\n\n\n\n<p><\/p>\n\n\n\n<p><\/p>\n<\/div>\n<\/div><\/div>\n\n\n\n<div class=\"wp-block-columns is-layout-flex wp-container-core-columns-is-layout-9d6595d7 wp-block-columns-is-layout-flex\">\n<div class=\"wp-block-column is-layout-flow wp-block-column-is-layout-flow\"><\/div>\n<\/div>\n\n\n\n<div id=\"wp-block-themeisle-blocks-advanced-columns-8335fa6a\" class=\"wp-block-themeisle-blocks-advanced-columns alignfull has-2-columns has-desktop-equal-layout has-tablet-equal-layout has-mobile-collapsedRows-layout has-vertical-unset\"><div class=\"wp-block-themeisle-blocks-advanced-columns-overlay\"><\/div><div class=\"innerblocks-wrap\">\n<div id=\"wp-block-themeisle-blocks-advanced-column-b75c86b8\" class=\"wp-block-themeisle-blocks-advanced-column\">\n<h2 class=\"wp-block-heading\">Honoraires<\/h2>\n\n\n\n<p>Conform\u00e9ment \u00e0 la loi du 6 ao\u00fbt 2015, les honoraires sont fix\u00e9s par une convention sign\u00e9e entre l\u2019avocat et le client, d\u00e9taillant leurs droits et obligations. Les honoraires sont convenus selon la nature et la complexit\u00e9 du dossier, ainsi que le temps de travail estim\u00e9.<\/p>\n\n\n\n<p>La premi\u00e8re consultation (sur rendez-vous) co\u00fbte 75,00 \u20ac HT (90,00 \u20ac TTC). Apr\u00e8s ce rendez-vous, une convention d\u2019honoraires est \u00e9tablie, soit au tarif horaire de 150 \u20ac HT (180 \u20ac TTC), soit en forfait. Si le cas le permet, un honoraire de r\u00e9sultat, calcul\u00e9 sur les gains obtenus ou \u00e9conomies r\u00e9alis\u00e9es, peut \u00eatre appliqu\u00e9.<\/p>\n\n\n\n<p>Les honoraires ne sont engag\u00e9s qu\u2019avec l\u2019accord du client, et une facture provisoire est envoy\u00e9e une fois le travail effectu\u00e9.<\/p>\n\n\n\n<p>Le cabinet accepte l\u2019aide juridictionnelle sous r\u00e9serve d\u2019un examen pr\u00e9alable et d\u2019une approbation par le bureau d\u2019aide juridictionnelle. En cas de protection juridique, une prise en charge partielle ou totale des honoraires est possible selon les conditions de votre contrat (habitation, bancaire, v\u00e9hicule, etc.).<\/p>\n<\/div>\n\n\n\n<div id=\"wp-block-themeisle-blocks-advanced-column-a6e17221\" class=\"wp-block-themeisle-blocks-advanced-column\">\n<figure class=\"wp-block-image size-full is-resized\"><img loading=\"lazy\" decoding=\"async\" width=\"320\" height=\"214\" src=\"https:\/\/lemeuravocat.fr\/wp-content\/uploads\/2024\/03\/scott-graham-OQMZwNd3ThU-unsplash-Small.jpeg\" alt=\"\" class=\"wp-image-36\" style=\"width:399px;height:auto\" srcset=\"https:\/\/lemeuravocat.fr\/wp-content\/uploads\/2024\/03\/scott-graham-OQMZwNd3ThU-unsplash-Small.jpeg 320w, https:\/\/lemeuravocat.fr\/wp-content\/uploads\/2024\/03\/scott-graham-OQMZwNd3ThU-unsplash-Small-300x201.jpeg 300w\" sizes=\"auto, (max-width: 320px) 100vw, 320px\" \/><\/figure>\n<\/div>\n<\/div><\/div>\n","protected":false},"excerpt":{"rendered":"","protected":false},"author":1,"featured_media":372,"parent":0,"menu_order":0,"comment_status":"closed","ping_status":"closed","template":"page-templates\/template-pagebuilder-full-width.php","meta":{"neve_meta_sidebar":"full-width","neve_meta_container":"","neve_meta_enable_content_width":"on","neve_meta_content_width":100,"neve_meta_title_alignment":"","neve_meta_author_avatar":"","neve_post_elements_order":"","neve_meta_disable_header":"","neve_meta_disable_footer":"","neve_meta_disable_title":"","_themeisle_gutenberg_block_has_review":false,"footnotes":""},"class_list":["post-161","page","type-page","status-publish","has-post-thumbnail","hentry"],"_links":{"self":[{"href":"https:\/\/lemeuravocat.fr\/index.php\/wp-json\/wp\/v2\/pages\/161","targetHints":{"allow":["GET"]}}],"collection":[{"href":"https:\/\/lemeuravocat.fr\/index.php\/wp-json\/wp\/v2\/pages"}],"about":[{"href":"https:\/\/lemeuravocat.fr\/index.php\/wp-json\/wp\/v2\/types\/page"}],"author":[{"embeddable":true,"href":"https:\/\/lemeuravocat.fr\/index.php\/wp-json\/wp\/v2\/users\/1"}],"replies":[{"embeddable":true,"href":"https:\/\/lemeuravocat.fr\/index.php\/wp-json\/wp\/v2\/comments?post=161"}],"version-history":[{"count":38,"href":"https:\/\/lemeuravocat.fr\/index.php\/wp-json\/wp\/v2\/pages\/161\/revisions"}],"predecessor-version":[{"id":378,"href":"https:\/\/lemeuravocat.fr\/index.php\/wp-json\/wp\/v2\/pages\/161\/revisions\/378"}],"wp:featuredmedia":[{"embeddable":true,"href":"https:\/\/lemeuravocat.fr\/index.php\/wp-json\/wp\/v2\/media\/372"}],"wp:attachment":[{"href":"https:\/\/lemeuravocat.fr\/index.php\/wp-json\/wp\/v2\/media?parent=161"}],"curies":[{"name":"wp","href":"https:\/\/api.w.org\/{rel}","templated":true}]}}